{"id":18,"date":"2016-02-03T11:28:23","date_gmt":"2016-02-03T11:28:23","guid":{"rendered":"http:\/\/microgenet.umh.es\/?page_id=18"},"modified":"2016-11-09T09:10:25","modified_gmt":"2016-11-09T09:10:25","slug":"18-2","status":"publish","type":"page","link":"https:\/\/microgenet.umh.es\/en\/18-2\/","title":{"rendered":"Team groups"},"content":{"rendered":"<p><\/p>\n<table>\n<tbody>\n<tr>\n<td width=\"36\"><a href=\"https:\/\/microgenet.umh.es\/files\/2016\/02\/logo-umh_2016.png\"><img loading=\"lazy\" class=\" wp-image-70  alignleft\" src=\"https:\/\/microgenet.umh.es\/files\/2016\/02\/logo-umh_2016.png\" alt=\"logo umh_2016\" width=\"166\" height=\"72\" \/><\/a><\/p>\n<p><a href=\"https:\/\/microgenet.umh.es\/files\/2016\/02\/logo-oficial-umh_2014.jpg\">\u00a0<\/a><\/td>\n<td width=\"541\">Universidad Miguel Hern\u00e1ndez de Elche &#8211; UMH-<\/p>\n<p>Dr. Francisco Rodr\u00edguez Valera<\/p>\n<p><a href=\"http:\/\/egg.umh.es\" target=\"_blank\">egg.umh.es<\/a><\/p>\n<p><a href=\"https:\/\/microgenet.umh.es\/jdlkfjldk\/\">Publicaciones<\/a><\/td>\n<\/tr>\n<tr>\n<td width=\"36\">2<a href=\"https:\/\/microgenet.umh.es\/files\/2016\/02\/cabecera-web.png\"><img loading=\"lazy\" class=\"alignnone  wp-image-97\" src=\"https:\/\/microgenet.umh.es\/files\/2016\/02\/cabecera-web.png\" alt=\"cabecera-web\" width=\"875\" height=\"56\" srcset=\"https:\/\/microgenet.umh.es\/files\/2016\/02\/cabecera-web.png 1000w, https:\/\/microgenet.umh.es\/files\/2016\/02\/cabecera-web-300x19.png 300w\" sizes=\"(max-width: 875px) 100vw, 875px\" \/><\/a><\/td>\n<td width=\"541\">Instituto de Recursos Naturales y Agrobiolog\u00eda de Sevilla &#8211; IRNAS-CSIC.<\/p>\n<p>Juan Miguel Gonz\u00e1lez Grau<\/p>\n<p><a href=\"https:\/\/microgenet.umh.es\/publicaciones-irnas\/\">Publicaciones<\/a><\/td>\n<\/tr>\n<tr>\n<td width=\"36\">3 <a href=\"https:\/\/microgenet.umh.es\/files\/2016\/02\/logo-la-fe1.jpg\"><img loading=\"lazy\" class=\" wp-image-68 size-full alignleft\" src=\"https:\/\/microgenet.umh.es\/files\/2016\/02\/logo-la-fe1.jpg\" alt=\"logo la fe\" width=\"279\" height=\"73\" \/><\/a><\/td>\n<td width=\"541\">Instituto de Investigaci\u00f3n Sanitaria La Fe de Valencia &#8211; II La Fe.<\/p>\n<p>Dra. M\u00aa\u00a0\u00c1ngeles Tormo\u00a0M\u00e1s<\/p>\n<p><a href=\"https:\/\/microgenet.umh.es\/staphylococcus-spp\/\">Staphylococcusspp<\/a><\/p>\n<p><a href=\"https:\/\/microgenet.umh.es\/ultimas-publicaciones-cientificas\/\">Publicaciones<\/a><\/td>\n<\/tr>\n<tr>\n<td width=\"36\">4<a href=\"https:\/\/microgenet.umh.es\/files\/2016\/02\/logo-ugr.png\"><img loading=\"lazy\" class=\"alignnone  wp-image-100\" src=\"https:\/\/microgenet.umh.es\/files\/2016\/02\/logo-ugr.png\" alt=\"logo-ugr\" width=\"350\" height=\"126\" srcset=\"https:\/\/microgenet.umh.es\/files\/2016\/02\/logo-ugr.png 500w, https:\/\/microgenet.umh.es\/files\/2016\/02\/logo-ugr-300x108.png 300w\" sizes=\"(max-width: 350px) 100vw, 350px\" \/><\/a><\/td>\n<td width=\"541\">Universidad de Granada &#8211; UGR-<\/p>\n<p>Dr. Jos\u00e9 Mu\u00f1oz Dorado<\/p>\n<p><a href=\"http:\/\/ofertaimasd.ugr.es\/bio\/grupos-de-investigacion\/bio-318-grupo-de-desarrollo-procariotico\/\">http:\/\/ofertaimasd.ugr.es\/bio\/grupos-de-investigacion\/bio-318-grupo-de-desarrollo-procariotico\/<\/a><\/p>\n<p><a href=\"https:\/\/microgenet.umh.es\/desarrollo-procariotico\/\">Desarrolloprocari\u00f3tico<\/a><\/p>\n<p><a href=\"https:\/\/microgenet.umh.es\/ultimas-publicaciones-cientificas-ugr\/\">Publicaciones<\/a><\/td>\n<\/tr>\n<tr>\n<td width=\"36\">5 <a href=\"https:\/\/microgenet.umh.es\/files\/2016\/02\/logo-uv.jpg\"><img loading=\"lazy\" class=\" wp-image-63  alignleft\" src=\"https:\/\/microgenet.umh.es\/files\/2016\/02\/logo-uv.jpg\" alt=\"logo-uv\" width=\"96\" height=\"126\" \/><\/a><\/td>\n<td width=\"541\">Universidad de Valencia -UV-<\/p>\n<p>Dra. Carmen Amaro Gonz\u00e1lez<\/p>\n<p><a href=\"https:\/\/microgenet.umh.es\/genomica-de-vibrio-vulnificus\/\">Gen\u00f3micadevibriovulnificus<\/a><\/p>\n<p><a href=\"https:\/\/microgenet.umh.es\/ultimas-publicaciones-cientificas-2\/\">Publicaciones<\/a><\/td>\n<\/tr>\n<tr>\n<td width=\"36\">6 <a href=\"https:\/\/microgenet.umh.es\/files\/2016\/02\/LOGO-UPM.png\"><img loading=\"lazy\" class=\" wp-image-66 size-full alignnone\" src=\"https:\/\/microgenet.umh.es\/files\/2016\/02\/LOGO-UPM.png\" alt=\"LOGO UPM\" width=\"277\" height=\"107\" \/><\/a><\/td>\n<td width=\"541\">Universidad Polit\u00e9cnica de Madrid- UPM-<\/p>\n<p>Dr. Juan Imperial R\u00f3denas<\/p>\n<p><a href=\"http:\/\/www.cbgp.upm.es\/gebiopad.php\">http:\/\/www.cbgp.upm.es\/gebiopad.php<\/a><\/p>\n<p><a href=\"https:\/\/microgenet.umh.es\/gebiopad\/\">GeBioPAD<\/a><\/p>\n<p><a href=\"https:\/\/microgenet.umh.es\/ultimas-publicaciones-cientificas-upm\/\">Publicaciones<\/a><\/td>\n<\/tr>\n<tr>\n<td width=\"36\">7<a href=\"https:\/\/microgenet.umh.es\/files\/2016\/02\/LOGO-UPV.jpg\"><img loading=\"lazy\" class=\"alignnone  wp-image-98\" src=\"https:\/\/microgenet.umh.es\/files\/2016\/02\/LOGO-UPV.jpg\" alt=\"LOGO UPV\" width=\"242\" height=\"112\" srcset=\"https:\/\/microgenet.umh.es\/files\/2016\/02\/LOGO-UPV.jpg 450w, https:\/\/microgenet.umh.es\/files\/2016\/02\/LOGO-UPV-300x139.jpg 300w\" sizes=\"(max-width: 242px) 100vw, 242px\" \/><\/a><\/td>\n<td width=\"541\">Universidad del Pa\u00eds Vasco &#8211; UPV-<\/p>\n<p>Dr. Joseba Bikandi Bikandi<\/p>\n<p><a href=\"https:\/\/microgenet.umh.es\/ultimas-publicaciones-cientificas-upv\/\">Publicaciones<\/a><\/td>\n<\/tr>\n<tr>\n<td width=\"36\">8<a href=\"https:\/\/microgenet.umh.es\/files\/2016\/02\/Diapositiva1.jpg\"><img loading=\"lazy\" class=\"  wp-image-74 alignnone\" src=\"https:\/\/microgenet.umh.es\/files\/2016\/02\/Diapositiva1.jpg\" alt=\"Diapositiva1\" width=\"340\" height=\"256\" srcset=\"https:\/\/microgenet.umh.es\/files\/2016\/02\/Diapositiva1.jpg 960w, https:\/\/microgenet.umh.es\/files\/2016\/02\/Diapositiva1-300x225.jpg 300w\" sizes=\"(max-width: 340px) 100vw, 340px\" \/><\/a><\/td>\n<td width=\"541\">Universitat de Les Illes Balears &#8211; UIB-<\/p>\n<p>Dr. Jorge Lalucat Jo<\/p>\n<p><a href=\"https:\/\/microgenet.umh.es\/microbiologia\/\">Microbiolog\u00eda<\/a><\/p>\n<p><a href=\"http:\/\/www.uib.eu\/research\/groups\/grup\/MICROBIO\/\">http:\/\/www.uib.eu\/research\/groups\/grup\/MICROBIO\/<\/a><\/p>\n<p><a href=\"http:\/\/www.uib.es\/es\/recerca\/estructures\/grups\/grup\/MICROBIO\/\">http:\/\/www.uib.es\/es\/recerca\/estructures\/grups\/grup\/MICROBIO\/<\/a><\/p>\n<p><a href=\"http:\/\/estudis.uib.es\/es\/master\/MMAV\/index.html\">http:\/\/estudis.uib.es\/es\/master\/MMAV\/index.html<\/a><\/p>\n<p><a href=\"http:\/\/microbiologia.uib.es\/bioinformatica\/Genomas_Microgen\/principal_genomas.html\">http:\/\/microbiologia.uib.es\/bioinformatica\/Genomas_Microgen\/principal_genomas.html<\/a><\/p>\n<p><a href=\"https:\/\/microgenet.umh.es\/ultimas-publicaciones-uib\/\">Publicaciones<\/a><\/td>\n<\/tr>\n<tr>\n<td width=\"36\">9 <a href=\"https:\/\/microgenet.umh.es\/files\/2016\/02\/logoeezpda.png\"><img loading=\"lazy\" class=\"alignnone size-full wp-image-99\" src=\"https:\/\/microgenet.umh.es\/files\/2016\/02\/logoeezpda.png\" alt=\"logoeezpda\" width=\"240\" height=\"70\" \/><\/a><\/td>\n<td width=\"541\">Estaci\u00f3n Experimental del Zaid\u00edn &#8211; EEZ- CSIC.<\/p>\n<p>Dr. Nicol\u00e1s Toro Garc\u00eda<\/p>\n<p><a href=\"http:\/\/www.eez.csic.es\/?q=es\/node\/41\">http:\/\/www.eez.csic.es\/?q=es\/node\/41<\/a><\/p>\n<p><a href=\"https:\/\/microgenet.umh.es\/ecologia-genetica-de-la-rizosfera\/\">Ecolog\u00edaGen\u00e9ticadelaRizosfera<\/a><\/p>\n<p><a href=\"https:\/\/microgenet.umh.es\/ultimas-publicaciones-cientificas-eez-csic\/\">Publicaciones<\/a><\/td>\n<\/tr>\n<tr>\n<td width=\"36\">10 <a href=\"https:\/\/microgenet.umh.es\/files\/2016\/02\/logo_FISABIO_CSISP.jpg\"><img loading=\"lazy\" class=\"  wp-image-77 alignnone\" src=\"https:\/\/microgenet.umh.es\/files\/2016\/02\/logo_FISABIO_CSISP.jpg\" alt=\"logo_FISABIO_CSISP\" width=\"400\" height=\"70\" srcset=\"https:\/\/microgenet.umh.es\/files\/2016\/02\/logo_FISABIO_CSISP.jpg 4724w, https:\/\/microgenet.umh.es\/files\/2016\/02\/logo_FISABIO_CSISP-300x53.jpg 300w, https:\/\/microgenet.umh.es\/files\/2016\/02\/logo_FISABIO_CSISP-1024x179.jpg 1024w\" sizes=\"(max-width: 400px) 100vw, 400px\" \/><\/a><\/td>\n<td width=\"541\">Fundaci\u00f3n para el Fomento de la Investigaci\u00f3n Sanitaria y Biom\u00e9dica de la Comunidad Valenciana &#8211; FISABIO-<\/p>\n<p>Dr. Alejandro Mira Obrador<\/p>\n<p><a href=\"https:\/\/microgenet.umh.es\/microbioma-oral\/\">Microbiomaoral<\/a><\/p>\n<p><a href=\"https:\/\/microgenet.umh.es\/ultimas-publicaciones-cientificas-fisabio\/\">Publicaciones<\/a><\/td>\n<\/tr>\n<\/tbody>\n<\/table>\n<p><\/p>","protected":false},"excerpt":{"rendered":"<p>\u00a0<br \/>\nUniversidad Miguel Hern\u00e1ndez de Elche &#8211; UMH-<br \/>\nDr. Francisco Rodr\u00edguez Valera<br \/>\negg.umh.es<br \/>\nPublicaciones<\/p>\n<p>2<br \/>\nInstituto de Recursos Naturales y Agrobiolog\u00eda de Sevilla &#8211; IRNAS-CSIC.<br \/>\nJuan Miguel Gonz\u00e1lez Grau<br \/>\nPublicaciones<\/p>\n<p>3<br \/>\nInstituto de Investigaci\u00f3n Sanitaria La Fe de Valencia &#8211; II La Fe.<br \/>\nDra. M\u00aa\u00a0\u00c1ngeles Tormo\u00a0M\u00e1s<br \/>\nStaphylococcusspp<br \/>\nPublicaciones<\/p>\n<p>4<br \/>\nUniversidad de Granada &#8211; UGR-<br \/>\nDr. Jos\u00e9 Mu\u00f1oz Dorado<br \/>\nhttp:\/\/ofertaimasd.ugr.es\/bio\/grupos-de-investigacion\/bio-318-grupo-de-desarrollo-procariotico\/<br \/>\nDesarrolloprocari\u00f3tico<br \/>\nPublicaciones<\/p>\n<p>5<br \/>\nUniversidad de Valencia -UV-<br \/>\nDra. Carmen Amaro Gonz\u00e1lez<br \/>\nGen\u00f3micadevibriovulnificus<br \/>\nPublicaciones<\/p>\n<p>6<br \/>\nUniversidad Polit\u00e9cnica de Madrid- UPM-<br \/>\nDr. [&#8230;]<\/p>\n","protected":false},"author":226,"featured_media":0,"parent":0,"menu_order":2,"comment_status":"closed","ping_status":"open","template":"","meta":{"_links_to":"","_links_to_target":""},"_links":{"self":[{"href":"https:\/\/microgenet.umh.es\/en\/wp-json\/wp\/v2\/pages\/18"}],"collection":[{"href":"https:\/\/microgenet.umh.es\/en\/wp-json\/wp\/v2\/pages"}],"about":[{"href":"https:\/\/microgenet.umh.es\/en\/wp-json\/wp\/v2\/types\/page"}],"author":[{"embeddable":true,"href":"https:\/\/microgenet.umh.es\/en\/wp-json\/wp\/v2\/users\/226"}],"replies":[{"embeddable":true,"href":"https:\/\/microgenet.umh.es\/en\/wp-json\/wp\/v2\/comments?post=18"}],"version-history":[{"count":0,"href":"https:\/\/microgenet.umh.es\/en\/wp-json\/wp\/v2\/pages\/18\/revisions"}],"wp:attachment":[{"href":"https:\/\/microgenet.umh.es\/en\/wp-json\/wp\/v2\/media?parent=18"}],"curies":[{"name":"wp","href":"https:\/\/api.w.org\/{rel}","templated":true}]}}